{"id":1085,"date":"2022-11-03T01:40:18","date_gmt":"2022-11-03T01:40:18","guid":{"rendered":"https:\/\/casacaravan.com.ar\/espacos\/"},"modified":"2023-02-05T19:26:29","modified_gmt":"2023-02-05T19:26:29","slug":"espacos","status":"publish","type":"page","link":"https:\/\/casacaravan.com.ar\/pt-br\/espacos\/","title":{"rendered":"Espa\u00e7os"},"content":{"rendered":"<p>[et_pb_section fb_built=&#8221;1&#8243; _builder_version=&#8221;4.19.4&#8243; _module_preset=&#8221;default&#8221; background_image=&#8221;https:\/\/casacaravan.com.ar\/wp-content\/uploads\/2023\/01\/Espacios-Patio-1.jpg&#8221; parallax=&#8221;on&#8221; custom_padding=&#8221;4%||9%||false|false&#8221; locked=&#8221;off&#8221; global_colors_info=&#8221;{}&#8221;][et_pb_row _builder_version=&#8221;4.19.2&#8243; _module_preset=&#8221;default&#8221; background_color=&#8221;rgba(237,233,223,0.41)&#8221; width=&#8221;70%&#8221; custom_margin=&#8221;50px||||false|false&#8221; custom_margin_tablet=&#8221;50px||||false|false&#8221; custom_margin_phone=&#8221;0px||||false|false&#8221; custom_margin_last_edited=&#8221;on|phone&#8221; custom_padding=&#8221;10.3%||10.3%||true|false&#8221; border_radii=&#8221;on|16px|16px|16px|16px&#8221; global_colors_info=&#8221;{}&#8221;][et_pb_column type=&#8221;4_4&#8243; _builder_version=&#8221;4.18.1&#8243; _module_preset=&#8221;default&#8221; global_colors_info=&#8221;{}&#8221;][et_pb_text content_tablet=&#8221;<\/p>\n<h1 style=%22text-align: center;%22>hospedagem<\/h1>\n<p>&#8221; content_phone=&#8221;<\/p>\n<h1 style=%22text-align: center;%22>hospedagem<\/h1>\n<p>&#8221; content_last_edited=&#8221;off|desktop&#8221; _builder_version=&#8221;4.19.2&#8243; _module_preset=&#8221;default&#8221; header_text_color=&#8221;#EDE9DF&#8221; header_font_size=&#8221;88px&#8221; custom_margin=&#8221;|-28px||0px|false|false&#8221; custom_margin_tablet=&#8221;0px|0px|-31px|0px|false|false&#8221; custom_margin_phone=&#8221;0px|0px|0px|0px|false|false&#8221; custom_margin_last_edited=&#8221;on|phone&#8221; animation_style=&#8221;fade&#8221; header_font_size_tablet=&#8221;73px&#8221; header_font_size_phone=&#8221;38px&#8221; header_font_size_last_edited=&#8221;on|phone&#8221; global_colors_info=&#8221;{}&#8221;]<\/p>\n<h1 style=\"text-align: center;\">espa\u00e7os<\/h1>\n<p>[\/et_pb_text][\/et_pb_column][\/et_pb_row][et_pb_row use_custom_gutter=&#8221;on&#8221; gutter_width=&#8221;1&#8243; make_equal=&#8221;on&#8221; _builder_version=&#8221;4.19.0&#8243; _module_preset=&#8221;default&#8221; width=&#8221;95%&#8221; max_width=&#8221;1967px&#8221; global_colors_info=&#8221;{}&#8221;][et_pb_column type=&#8221;4_4&#8243; _builder_version=&#8221;4.18.1&#8243; _module_preset=&#8221;default&#8221; global_colors_info=&#8221;{}&#8221;][et_pb_image src=&#8221;https:\/\/casacaravan.com.ar\/wp-content\/uploads\/2022\/10\/basada-en-plantas-logo-1.png&#8221; title_text=&#8221;log\u00f3tipo com base em plantas&#8221; disabled_on=&#8221;on|on|off&#8221; _builder_version=&#8221;4.19.2&#8243; _module_preset=&#8221;default&#8221; width=&#8221;24%&#8221; module_alignment=&#8221;left&#8221; custom_margin=&#8221;-573px|||0px|false|false&#8221; custom_padding=&#8221;|0px||19px|false|false&#8221; animation_style=&#8221;fade&#8221; global_colors_info=&#8221;{}&#8221;][\/et_pb_image][\/et_pb_column][\/et_pb_row][\/et_pb_section][et_pb_section fb_built=&#8221;1&#8243; _builder_version=&#8221;4.18.1&#8243; _module_preset=&#8221;default&#8221; background_color=&#8221;#EDE9DF&#8221; global_colors_info=&#8221;{}&#8221;][et_pb_row _builder_version=&#8221;4.19.2&#8243; _module_preset=&#8221;default&#8221; custom_margin_tablet=&#8221;&#8221; custom_margin_phone=&#8221;||-28px||false|false&#8221; custom_margin_last_edited=&#8221;on|phone&#8221; custom_padding=&#8221;7px|||||&#8221; global_colors_info=&#8221;{}&#8221;][et_pb_column type=&#8221;4_4&#8243; _builder_version=&#8221;4.18.1&#8243; _module_preset=&#8221;default&#8221; global_colors_info=&#8221;{}&#8221;][et_pb_text content_tablet=&#8221;<\/p>\n<h3 style=%22text-align: center;%22>temos um lugar para voc\u00ea<\/h3>\n<p style=%22text-align: center;%22>Na Casa Caravan <strong>te ajudamos a organizar seu evento\/reuni\u00e3o<\/strong> alugando o espa\u00e7o <span class=%22s1%22><span class=%22Apple-converted-space%22>que mais se adapte ao que voc\u00ea<\/span><\/span> esteja buscando. <\/p>\n<p class=%22p1%22 style=%22text-align: center;%22><span class=%22s1%22>Durante o dia e enquanto <strong>compartilharem de nossa filosofia<\/strong>.<span class=%22Apple-converted-space%22> <\/span><\/span><\/p>\n<p style=%22text-align: center;%22>Apresenta\u00e7\u00f5es de produtos e livros. Produ\u00e7\u00f5es fotogr\u00e1ficas, reuni\u00f5es de trabalho descontra\u00eddas. Dar aulas ou oficinas, gravar v\u00eddeos de comida saud\u00e1vel em nossa cozinha&#8230;<\/p>\n<p style=%22text-align: center;%22>Casa Caravan pode ser <strong>o ponto de partida<\/strong> para o que voc\u00ea esteja precisando! Nos escreva, organizamos e decidimos junt@s!<\/p>\n<p>&#8221; content_phone=&#8221;<\/p>\n<h3 style=%22text-align: center;%22>temos um lugar<br \/>para si<\/h3>\n<p style=%22text-align: left;%22>Na Casa Caravan <strong>te ajudamos a organizar seu evento\/reuni\u00e3o<\/strong> alugando o espa\u00e7o <span class=%22s1%22><span class=%22Apple-converted-space%22>que mais se adapte ao que voc\u00ea<\/span><\/span> esteja buscando. <\/p>\n<p class=%22p1%22 style=%22text-align: left;%22><span class=%22s1%22>Durante o dia e enquanto <strong>compartilharem de nossa filosofia<\/strong>.<span class=%22Apple-converted-space%22> <\/span><\/span><\/p>\n<p style=%22text-align: left;%22>Apresenta\u00e7\u00f5es de produtos e livros. Produ\u00e7\u00f5es fotogr\u00e1ficas, reuni\u00f5es de trabalho descontra\u00eddas. Dar aulas ou oficinas, gravar v\u00eddeos de comida saud\u00e1vel em nossa cozinha&#8230;<\/p>\n<p style=%22text-align: left;%22>Casa Caravan pode ser <strong>o ponto de partida<\/strong> para o que voc\u00ea esteja precisando! Nos escreva, organizamos e decidimos junt@s!<\/p>\n<p>&#8221; content_last_edited=&#8221;on|tablet&#8221; _builder_version=&#8221;4.19.2&#8243; _module_preset=&#8221;default&#8221; text_font=&#8221;Gotham||||||||&#8221; text_font_size=&#8221;20px&#8221; text_line_height=&#8221;1.5em&#8221; header_3_text_color=&#8221;#3E5C20&#8243; header_3_font_size=&#8221;33px&#8221; header_3_letter_spacing=&#8221;2px&#8221; header_3_line_height=&#8221;1.7em&#8221; custom_margin_tablet=&#8221;&#8221; custom_margin_phone=&#8221;-21px||||false|false&#8221; custom_margin_last_edited=&#8221;on|phone&#8221; header_3_font_size_tablet=&#8221;33px&#8221; header_3_font_size_phone=&#8221;24px&#8221; header_3_font_size_last_edited=&#8221;on|phone&#8221; global_colors_info=&#8221;{}&#8221;]<\/p>\n<h3 style=\"text-align: center;\">temos um lugar para voc\u00ea<\/h3>\n<p style=\"text-align: center;\">Na Casa Caravan <strong>te ajudamos a organizar seu evento\/reuni\u00e3o<\/strong> alugando o espa\u00e7o <span class=\"s1\"><span class=\"Apple-converted-space\">que mais se adapte ao que voc\u00ea<\/span><\/span> esteja buscando. <\/p>\n<p class=\"p1\" style=\"text-align: center;\"><span class=\"s1\">Durante o dia e enquanto <strong>compartilharem de nossa filosofia<\/strong>.<span class=\"Apple-converted-space\"> <\/span><\/span><\/p>\n<p style=\"text-align: center;\">Apresenta\u00e7\u00f5es de produtos e livros. Produ\u00e7\u00f5es fotogr\u00e1ficas, reuni\u00f5es de trabalho<br \/>descontra\u00eddas. Dar aulas ou oficinas, gravar v\u00eddeos de comida saud\u00e1vel em nossa cozinha&#8230;<\/p>\n<p style=\"text-align: center;\">Casa Caravan pode ser <strong>o ponto de partida<\/strong> para o que voc\u00ea esteja precisando!<br \/>Nos escreva, organizamos e decidimos junt@s!<\/p>\n<p>[\/et_pb_text][\/et_pb_column][\/et_pb_row][\/et_pb_section][et_pb_section fb_built=&#8221;1&#8243; custom_padding_last_edited=&#8221;on|phone&#8221; _builder_version=&#8221;4.19.4&#8243; _module_preset=&#8221;default&#8221; background_image=&#8221;https:\/\/casacaravan.com.ar\/wp-content\/uploads\/2023\/01\/Espacio-6-Living.jpg&#8221; parallax=&#8221;on&#8221; custom_padding=&#8221;40vh||40vh||true|false&#8221; custom_padding_tablet=&#8221;40vh||40vh||true|false&#8221; custom_padding_phone=&#8221;20vh||20vh||true|false&#8221; global_colors_info=&#8221;{}&#8221;][\/et_pb_section][et_pb_section fb_built=&#8221;1&#8243; _builder_version=&#8221;4.18.1&#8243; _module_preset=&#8221;default&#8221; background_color=&#8221;#EDE9DF&#8221; global_colors_info=&#8221;{}&#8221;][et_pb_row _builder_version=&#8221;4.19.2&#8243; _module_preset=&#8221;default&#8221; custom_margin_tablet=&#8221;&#8221; custom_margin_phone=&#8221;-12px||-23px||false|false&#8221; custom_margin_last_edited=&#8221;on|phone&#8221; custom_padding=&#8221;7px|||||&#8221; global_colors_info=&#8221;{}&#8221;][et_pb_column type=&#8221;4_4&#8243; _builder_version=&#8221;4.18.1&#8243; _module_preset=&#8221;default&#8221; global_colors_info=&#8221;{}&#8221;][et_pb_text content_tablet=&#8221;<\/p>\n<h3 style=%22text-align: center;%22>O que te oferecemos?<\/h3>\n<p style=%22text-align: center;%22><strong>Alugamos a sala de estar, a cozinha ou o jardim<\/strong> de acordo com suas necessidades.<\/p>\n<p style=%22text-align: center;%22><strong>Op\u00e7\u00f5es de comida e\/ou bebidas<\/strong> (plant-based).<\/p>\n<p style=%22text-align: center;%22>Wi-fi, televis\u00e3o e um espa\u00e7o c\u00f4modo para <strong>reuni\u00f5es de at\u00e9 20 pessoas<\/strong>.<\/p>\n<p>&#8221; content_phone=&#8221;<\/p>\n<h3 style=%22text-align: center;%22>O que te oferecemos?<\/h3>\n<p style=%22text-align: left;%22><strong>Alugamos a sala de estar, a cozinha ou o jardim<\/strong> de acordo com suas necessidades.<\/p>\n<p style=%22text-align: left;%22><strong>Op\u00e7\u00f5es de comida e\/ou bebidas<\/strong> (plant-based).<\/p>\n<p style=%22text-align: left;%22>Wi-fi, televis\u00e3o e um espa\u00e7o c\u00f4modo para <strong>reuni\u00f5es de at\u00e9 20 pessoas<\/strong>.<\/p>\n<p>&#8221; content_last_edited=&#8221;on|phone&#8221; _builder_version=&#8221;4.19.2&#8243; _module_preset=&#8221;default&#8221; text_font=&#8221;Gotham||||||||&#8221; text_font_size=&#8221;20px&#8221; text_line_height=&#8221;1.5em&#8221; header_3_text_color=&#8221;#3E5C20&#8243; header_3_font_size=&#8221;33px&#8221; header_3_letter_spacing=&#8221;2px&#8221; header_3_line_height=&#8221;1.7em&#8221; header_3_font_size_tablet=&#8221;33px&#8221; header_3_font_size_phone=&#8221;24px&#8221; header_3_font_size_last_edited=&#8221;on|phone&#8221; global_colors_info=&#8221;{}&#8221;]<\/p>\n<h3 style=\"text-align: center;\">O que te oferecemos?<\/h3>\n<p style=\"text-align: center;\"><strong>Alugamos a sala de estar, a cozinha ou o jardim<\/strong> de acordo com suas necessidades.<\/p>\n<p style=\"text-align: center;\"><strong>Op\u00e7\u00f5es de comida e\/ou bebidas<\/strong> (plant-based).<\/p>\n<p style=\"text-align: center;\">Wi-fi, televis\u00e3o e um espa\u00e7o c\u00f4modo para <strong>reuni\u00f5es de at\u00e9 20 pessoas<\/strong>.<\/p>\n<p>[\/et_pb_text][\/et_pb_column][\/et_pb_row][\/et_pb_section][et_pb_section fb_built=&#8221;1&#8243; custom_padding_last_edited=&#8221;on|phone&#8221; _builder_version=&#8221;4.19.4&#8243; _module_preset=&#8221;default&#8221; background_image=&#8221;https:\/\/casacaravan.com.ar\/wp-content\/uploads\/2023\/01\/Espacios-2-Cocina.jpg&#8221; parallax=&#8221;on&#8221; custom_padding=&#8221;40vh||40vh||true|false&#8221; custom_padding_tablet=&#8221;40vh||40vh||true|false&#8221; custom_padding_phone=&#8221;20vh||20vh||true|false&#8221; global_colors_info=&#8221;{}&#8221;][\/et_pb_section][et_pb_section fb_built=&#8221;1&#8243; _builder_version=&#8221;4.18.1&#8243; _module_preset=&#8221;default&#8221; background_color=&#8221;#EDE9DF&#8221; global_colors_info=&#8221;{}&#8221;][et_pb_row _builder_version=&#8221;4.19.2&#8243; _module_preset=&#8221;default&#8221; custom_margin_tablet=&#8221;&#8221; custom_margin_phone=&#8221;-10px||-19px||false|false&#8221; custom_margin_last_edited=&#8221;on|phone&#8221; custom_padding=&#8221;7px|||||&#8221; global_colors_info=&#8221;{}&#8221;][et_pb_column type=&#8221;4_4&#8243; _builder_version=&#8221;4.18.1&#8243; _module_preset=&#8221;default&#8221; global_colors_info=&#8221;{}&#8221;][et_pb_text content_tablet=&#8221;<\/p>\n<h3 style=%22text-align: center;%22>O que te pedimos?<\/h3>\n<p style=%22text-align: center;%22><strong>Respeito<\/strong> por nossa casa, nossos valores e nossa maneira de viver.<\/p>\n<p>&#8221; content_phone=&#8221;<\/p>\n<h3 style=%22text-align: center;%22>O que te pedimos?<\/h3>\n<p style=%22text-align: left;%22><strong>Respeito<\/strong> por nossa casa, nossos valores e nossa maneira de viver.<\/p>\n<p>&#8221; content_last_edited=&#8221;on|phone&#8221; _builder_version=&#8221;4.19.2&#8243; _module_preset=&#8221;default&#8221; text_font=&#8221;Gotham||||||||&#8221; text_font_size=&#8221;20px&#8221; text_line_height=&#8221;1.5em&#8221; header_3_text_color=&#8221;#3E5C20&#8243; header_3_font_size=&#8221;33px&#8221; header_3_letter_spacing=&#8221;2px&#8221; header_3_line_height=&#8221;1.7em&#8221; header_3_font_size_tablet=&#8221;33px&#8221; header_3_font_size_phone=&#8221;24px&#8221; header_3_font_size_last_edited=&#8221;on|phone&#8221; global_colors_info=&#8221;{}&#8221;]<\/p>\n<h3 style=\"text-align: center;\">O que te pedimos?<\/h3>\n<p style=\"text-align: center;\"><strong>Respeito<\/strong> por nossa casa, nossos valores e nossa maneira de viver.<\/p>\n<p>[\/et_pb_text][et_pb_button button_url=&#8221;https:\/\/api.whatsapp.com\/send?phone=5491165633331&#038;text=%C2%A1Hola!%20Me%20interesan%20los%20espacios%20en%20alquiler%20en%20Casa%20Caravan%20%F0%9F%8C%B4&#8243; button_text=&#8221;Consultar por Whatsapp&#8221; button_alignment=&#8221;center&#8221; _builder_version=&#8221;4.19.5&#8243; _module_preset=&#8221;default&#8221; custom_button=&#8221;on&#8221; button_text_size=&#8221;12px&#8221; button_text_color=&#8221;#EDE9DF&#8221; button_bg_color=&#8221;#3E5C20&#8243; button_border_width=&#8221;10px&#8221; button_border_color=&#8221;#3E5C20&#8243; button_border_radius=&#8221;0px&#8221; button_letter_spacing=&#8221;2px&#8221; button_font=&#8221;Gotham|700||on|||||&#8221; button_icon=&#8221;&#xf232;||fa||400&#8243; hover_enabled=&#8221;0&#8243; global_colors_info=&#8221;{}&#8221; sticky_enabled=&#8221;0&#8243;][\/et_pb_button][\/et_pb_column][\/et_pb_row][\/et_pb_section][et_pb_section fb_built=&#8221;1&#8243; _builder_version=&#8221;4.18.1&#8243; _module_preset=&#8221;default&#8221; custom_margin=&#8221;0px||0px||true|false&#8221; custom_padding=&#8221;0px||0px||true|false&#8221; locked=&#8221;off&#8221; global_colors_info=&#8221;{}&#8221;][et_pb_row use_custom_gutter=&#8221;on&#8221; make_equal=&#8221;on&#8221; _builder_version=&#8221;4.18.1&#8243; _module_preset=&#8221;default&#8221; width=&#8221;100%&#8221; max_width=&#8221;1448px&#8221; custom_padding=&#8221;2px||0px|||&#8221; global_colors_info=&#8221;{}&#8221;][et_pb_column type=&#8221;4_4&#8243; _builder_version=&#8221;4.18.1&#8243; _module_preset=&#8221;default&#8221; global_colors_info=&#8221;{}&#8221;][dsm_masonry_gallery gallery_ids=&#8221;1441,1438,1444,1447,1450,1456,1453,1435,1432,1429,1426,1423,1420,1417,1414&#8243; gutter=&#8221;3&#8243; use_overlay=&#8221;on&#8221; overlay_caption=&#8221;off&#8221; overlay_description=&#8221;off&#8221; use_lightbox=&#8221;on&#8221; overlay_color=&#8221;rgba(226,242,229,0.68)&#8221; use_zoom_on_hover=&#8221;on&#8221; _builder_version=&#8221;4.19.4&#8243; _module_preset=&#8221;default&#8221; image_title_font=&#8221;Gotham||||||||&#8221; image_title_text_color=&#8221;#3E5C20&#8243; background_color=&#8221;#EDE9DF&#8221; global_colors_info=&#8221;{}&#8221;][\/dsm_masonry_gallery][\/et_pb_column][\/et_pb_row][\/et_pb_section]<\/p>\n","protected":false},"excerpt":{"rendered":"<p>espa\u00e7ostemos um lugar para voc\u00ea Na Casa Caravan te ajudamos a organizar seu evento\/reuni\u00e3o alugando o espa\u00e7o que mais se adapte ao que voc\u00ea esteja buscando. Durante o dia e enquanto compartilharem de nossa filosofia. Apresenta\u00e7\u00f5es de produtos e livros. Produ\u00e7\u00f5es fotogr\u00e1ficas, reuni\u00f5es de trabalhodescontra\u00eddas. Dar aulas ou oficinas, gravar v\u00eddeos de comida saud\u00e1vel em nossa cozinha&#8230; Casa Caravan pode ser o ponto de partida para o que voc\u00ea esteja precisando!Nos escreva, organizamos e decidimos junt@s!O que te oferecemos? Alugamos a sala de estar, a cozinha ou o jardim de acordo com suas necessidades. Op\u00e7\u00f5es de comida e\/ou bebidas (plant-based). Wi-fi, televis\u00e3o e um espa\u00e7o c\u00f4modo para reuni\u00f5es de at\u00e9 20 pessoas.O que te pedimos? Respeito por nossa casa, nossos valores e nossa maneira de viver.<div class=\"et_pb_module dsm_masonry_gallery dsm_masonry_gallery_0\">\n\t\t\t\t\n\t\t\t\t\n\t\t\t\t\n\t\t\t\t\n\t\t\t\t\n\t\t\t\t\n\t\t\t\t<div class=\"et_pb_module_inner\">\n\t\t\t\t\t<div class=\"dsm-gallery grid dsm_masonry_zoom_hover\" data-lightbox=\"true\" data-horizontalorder=\"true\">\n                <div class=\"grid-sizer\"><\/div><div class=\"gutter-sizer\"><\/div><div class=\"grid-item\">\n                    <a href=\"https:\/\/casacaravan.com.ar\/wp-content\/uploads\/2023\/01\/Espacios-Bar.jpg\"  data-title='Barra'  data-caption='' data-mfp-src=\"https:\/\/casacaravan.com.ar\/wp-content\/uploads\/2023\/01\/Espacios-Bar.jpg\">\n                        <div class=\"et_pb_image_wrap\">\n                            <img loading=\"lazy\" decoding=\"async\" src=\"https:\/\/casacaravan.com.ar\/wp-content\/uploads\/2023\/01\/Espacios-Bar.jpg\" title=\"Barra\" alt=\"\" class=\"dsm-skip-lazyload\" srcset=\"https:\/\/casacaravan.com.ar\/wp-content\/uploads\/2023\/01\/Espacios-Bar.jpg 1920w, https:\/\/casacaravan.com.ar\/wp-content\/uploads\/2023\/01\/Espacios-Bar-1280x855.jpg 1280w, https:\/\/casacaravan.com.ar\/wp-content\/uploads\/2023\/01\/Espacios-Bar-980x654.jpg 980w, https:\/\/casacaravan.com.ar\/wp-content\/uploads\/2023\/01\/Espacios-Bar-480x321.jpg 480w\" sizes=\"(min-width: 0px) and (max-width: 480px) 480px, (min-width: 481px) and (max-width: 980px) 980px, (min-width: 981px) and (max-width: 1280px) 1280px, (min-width: 1281px) 1920px, 100vw\" width=\"1920\" height=\"1282\" \/>\n                            <span class=\"et_overlay dsm-overlay\">\n                        <div class=\"dsm-overlay-inner\">\n                            <h4 class=\"dsm-overlay-title\">\n                    Barra\n                <\/h4>\n                            \n\t\t\t\t\t\t\t\n                        <\/div>\n                    <\/span>\n                        <\/div>\n                    <\/a>\n                <\/div><div class=\"grid-item\">\n                    <a href=\"https:\/\/casacaravan.com.ar\/wp-content\/uploads\/2023\/01\/Espacios-Coworking-2.jpg\"  data-title='Co-working'  data-caption='' data-mfp-src=\"https:\/\/casacaravan.com.ar\/wp-content\/uploads\/2023\/01\/Espacios-Coworking-2.jpg\">\n                        <div class=\"et_pb_image_wrap\">\n                            <img loading=\"lazy\" decoding=\"async\" src=\"https:\/\/casacaravan.com.ar\/wp-content\/uploads\/2023\/01\/Espacios-Coworking-2.jpg\" title=\"Co-working\" alt=\"\" class=\"dsm-skip-lazyload\" srcset=\"https:\/\/casacaravan.com.ar\/wp-content\/uploads\/2023\/01\/Espacios-Coworking-2.jpg 1920w, https:\/\/casacaravan.com.ar\/wp-content\/uploads\/2023\/01\/Espacios-Coworking-2-1280x863.jpg 1280w, https:\/\/casacaravan.com.ar\/wp-content\/uploads\/2023\/01\/Espacios-Coworking-2-980x660.jpg 980w, https:\/\/casacaravan.com.ar\/wp-content\/uploads\/2023\/01\/Espacios-Coworking-2-480x324.jpg 480w\" sizes=\"(min-width: 0px) and (max-width: 480px) 480px, (min-width: 481px) and (max-width: 980px) 980px, (min-width: 981px) and (max-width: 1280px) 1280px, (min-width: 1281px) 1920px, 100vw\" width=\"1920\" height=\"1294\" \/>\n                            <span class=\"et_overlay dsm-overlay\">\n                        <div class=\"dsm-overlay-inner\">\n                            <h4 class=\"dsm-overlay-title\">\n                    Co-working\n                <\/h4>\n                            \n\t\t\t\t\t\t\t\n                        <\/div>\n                    <\/span>\n                        <\/div>\n                    <\/a>\n                <\/div><div class=\"grid-item\">\n                    <a href=\"https:\/\/casacaravan.com.ar\/wp-content\/uploads\/2023\/01\/Espacios-Coworking-1.jpg\"  data-title='Co-working'  data-caption='' data-mfp-src=\"https:\/\/casacaravan.com.ar\/wp-content\/uploads\/2023\/01\/Espacios-Coworking-1.jpg\">\n                        <div class=\"et_pb_image_wrap\">\n                            <img loading=\"lazy\" decoding=\"async\" src=\"https:\/\/casacaravan.com.ar\/wp-content\/uploads\/2023\/01\/Espacios-Coworking-1.jpg\" title=\"Co-working\" alt=\"\" class=\"dsm-skip-lazyload\" srcset=\"https:\/\/casacaravan.com.ar\/wp-content\/uploads\/2023\/01\/Espacios-Coworking-1.jpg 1920w, https:\/\/casacaravan.com.ar\/wp-content\/uploads\/2023\/01\/Espacios-Coworking-1-1280x855.jpg 1280w, https:\/\/casacaravan.com.ar\/wp-content\/uploads\/2023\/01\/Espacios-Coworking-1-980x654.jpg 980w, https:\/\/casacaravan.com.ar\/wp-content\/uploads\/2023\/01\/Espacios-Coworking-1-480x321.jpg 480w\" sizes=\"(min-width: 0px) and (max-width: 480px) 480px, (min-width: 481px) and (max-width: 980px) 980px, (min-width: 981px) and (max-width: 1280px) 1280px, (min-width: 1281px) 1920px, 100vw\" width=\"1920\" height=\"1282\" \/>\n                            <span class=\"et_overlay dsm-overlay\">\n                        <div class=\"dsm-overlay-inner\">\n                            <h4 class=\"dsm-overlay-title\">\n                    Co-working\n                <\/h4>\n                            \n\t\t\t\t\t\t\t\n                        <\/div>\n                    <\/span>\n                        <\/div>\n                    <\/a>\n                <\/div><div class=\"grid-item\">\n                    <a href=\"https:\/\/casacaravan.com.ar\/wp-content\/uploads\/2023\/01\/Espacios-Cocina-equipada.jpg\"  data-title='Cozinha'  data-caption='' data-mfp-src=\"https:\/\/casacaravan.com.ar\/wp-content\/uploads\/2023\/01\/Espacios-Cocina-equipada.jpg\">\n                        <div class=\"et_pb_image_wrap\">\n                            <img loading=\"lazy\" decoding=\"async\" src=\"https:\/\/casacaravan.com.ar\/wp-content\/uploads\/2023\/01\/Espacios-Cocina-equipada.jpg\" title=\"Cozinha\" alt=\"\" class=\"dsm-skip-lazyload\" srcset=\"https:\/\/casacaravan.com.ar\/wp-content\/uploads\/2023\/01\/Espacios-Cocina-equipada.jpg 1920w, https:\/\/casacaravan.com.ar\/wp-content\/uploads\/2023\/01\/Espacios-Cocina-equipada-1280x855.jpg 1280w, https:\/\/casacaravan.com.ar\/wp-content\/uploads\/2023\/01\/Espacios-Cocina-equipada-980x654.jpg 980w, https:\/\/casacaravan.com.ar\/wp-content\/uploads\/2023\/01\/Espacios-Cocina-equipada-480x321.jpg 480w\" sizes=\"(min-width: 0px) and (max-width: 480px) 480px, (min-width: 481px) and (max-width: 980px) 980px, (min-width: 981px) and (max-width: 1280px) 1280px, (min-width: 1281px) 1920px, 100vw\" width=\"1920\" height=\"1282\" \/>\n                            <span class=\"et_overlay dsm-overlay\">\n                        <div class=\"dsm-overlay-inner\">\n                            <h4 class=\"dsm-overlay-title\">\n                    Cozinha\n                <\/h4>\n                            \n\t\t\t\t\t\t\t\n                        <\/div>\n                    <\/span>\n                        <\/div>\n                    <\/a>\n                <\/div><div class=\"grid-item\">\n                    <a href=\"https:\/\/casacaravan.com.ar\/wp-content\/uploads\/2023\/01\/Espacios-2-Cocina.jpg\"  data-title='Cozinha'  data-caption='' data-mfp-src=\"https:\/\/casacaravan.com.ar\/wp-content\/uploads\/2023\/01\/Espacios-2-Cocina.jpg\">\n                        <div class=\"et_pb_image_wrap\">\n                            <img loading=\"lazy\" decoding=\"async\" src=\"https:\/\/casacaravan.com.ar\/wp-content\/uploads\/2023\/01\/Espacios-2-Cocina.jpg\" title=\"Cozinha\" alt=\"\" class=\"dsm-skip-lazyload\" srcset=\"https:\/\/casacaravan.com.ar\/wp-content\/uploads\/2023\/01\/Espacios-2-Cocina.jpg 1920w, https:\/\/casacaravan.com.ar\/wp-content\/uploads\/2023\/01\/Espacios-2-Cocina-1280x855.jpg 1280w, https:\/\/casacaravan.com.ar\/wp-content\/uploads\/2023\/01\/Espacios-2-Cocina-980x654.jpg 980w, https:\/\/casacaravan.com.ar\/wp-content\/uploads\/2023\/01\/Espacios-2-Cocina-480x321.jpg 480w\" sizes=\"(min-width: 0px) and (max-width: 480px) 480px, (min-width: 481px) and (max-width: 980px) 980px, (min-width: 981px) and (max-width: 1280px) 1280px, (min-width: 1281px) 1920px, 100vw\" width=\"1920\" height=\"1282\" \/>\n                            <span class=\"et_overlay dsm-overlay\">\n                        <div class=\"dsm-overlay-inner\">\n                            <h4 class=\"dsm-overlay-title\">\n                    Cozinha\n                <\/h4>\n                            \n\t\t\t\t\t\t\t\n                        <\/div>\n                    <\/span>\n                        <\/div>\n                    <\/a>\n                <\/div><div class=\"grid-item\">\n                    <a href=\"https:\/\/casacaravan.com.ar\/wp-content\/uploads\/2023\/01\/Espacios-1-Cocina.jpg\"  data-title='Cozinha'  data-caption='' data-mfp-src=\"https:\/\/casacaravan.com.ar\/wp-content\/uploads\/2023\/01\/Espacios-1-Cocina.jpg\">\n                        <div class=\"et_pb_image_wrap\">\n                            <img loading=\"lazy\" decoding=\"async\" src=\"https:\/\/casacaravan.com.ar\/wp-content\/uploads\/2023\/01\/Espacios-1-Cocina.jpg\" title=\"Cozinha\" alt=\"\" class=\"dsm-skip-lazyload\" srcset=\"https:\/\/casacaravan.com.ar\/wp-content\/uploads\/2023\/01\/Espacios-1-Cocina.jpg 1920w, https:\/\/casacaravan.com.ar\/wp-content\/uploads\/2023\/01\/Espacios-1-Cocina-1280x855.jpg 1280w, https:\/\/casacaravan.com.ar\/wp-content\/uploads\/2023\/01\/Espacios-1-Cocina-980x654.jpg 980w, https:\/\/casacaravan.com.ar\/wp-content\/uploads\/2023\/01\/Espacios-1-Cocina-480x321.jpg 480w\" sizes=\"(min-width: 0px) and (max-width: 480px) 480px, (min-width: 481px) and (max-width: 980px) 980px, (min-width: 981px) and (max-width: 1280px) 1280px, (min-width: 1281px) 1920px, 100vw\" width=\"1920\" height=\"1282\" \/>\n                            <span class=\"et_overlay dsm-overlay\">\n                        <div class=\"dsm-overlay-inner\">\n                            <h4 class=\"dsm-overlay-title\">\n                    Cozinha\n                <\/h4>\n                            \n\t\t\t\t\t\t\t\n                        <\/div>\n                    <\/span>\n                        <\/div>\n                    <\/a>\n                <\/div><div class=\"grid-item\">\n                    <a href=\"https:\/\/casacaravan.com.ar\/wp-content\/uploads\/2023\/01\/Espacios-Parque-4.jpg\"  data-title='Jardim'  data-caption='' data-mfp-src=\"https:\/\/casacaravan.com.ar\/wp-content\/uploads\/2023\/01\/Espacios-Parque-4.jpg\">\n                        <div class=\"et_pb_image_wrap\">\n                            <img loading=\"lazy\" decoding=\"async\" src=\"https:\/\/casacaravan.com.ar\/wp-content\/uploads\/2023\/01\/Espacios-Parque-4.jpg\" title=\"Jardim\" alt=\"\" class=\"dsm-skip-lazyload\" srcset=\"https:\/\/casacaravan.com.ar\/wp-content\/uploads\/2023\/01\/Espacios-Parque-4.jpg 1920w, https:\/\/casacaravan.com.ar\/wp-content\/uploads\/2023\/01\/Espacios-Parque-4-1280x855.jpg 1280w, https:\/\/casacaravan.com.ar\/wp-content\/uploads\/2023\/01\/Espacios-Parque-4-980x654.jpg 980w, https:\/\/casacaravan.com.ar\/wp-content\/uploads\/2023\/01\/Espacios-Parque-4-480x321.jpg 480w\" sizes=\"(min-width: 0px) and (max-width: 480px) 480px, (min-width: 481px) and (max-width: 980px) 980px, (min-width: 981px) and (max-width: 1280px) 1280px, (min-width: 1281px) 1920px, 100vw\" width=\"1920\" height=\"1282\" \/>\n                            <span class=\"et_overlay dsm-overlay\">\n                        <div class=\"dsm-overlay-inner\">\n                            <h4 class=\"dsm-overlay-title\">\n                    Jardim\n                <\/h4>\n                            \n\t\t\t\t\t\t\t\n                        <\/div>\n                    <\/span>\n                        <\/div>\n                    <\/a>\n                <\/div><div class=\"grid-item\">\n                    <a href=\"https:\/\/casacaravan.com.ar\/wp-content\/uploads\/2023\/01\/Espacio-6-Living.jpg\"  data-title='Living'  data-caption='' data-mfp-src=\"https:\/\/casacaravan.com.ar\/wp-content\/uploads\/2023\/01\/Espacio-6-Living.jpg\">\n                        <div class=\"et_pb_image_wrap\">\n                            <img loading=\"lazy\" decoding=\"async\" src=\"https:\/\/casacaravan.com.ar\/wp-content\/uploads\/2023\/01\/Espacio-6-Living.jpg\" title=\"Living\" alt=\"\" class=\"dsm-skip-lazyload\" srcset=\"https:\/\/casacaravan.com.ar\/wp-content\/uploads\/2023\/01\/Espacio-6-Living.jpg 1920w, https:\/\/casacaravan.com.ar\/wp-content\/uploads\/2023\/01\/Espacio-6-Living-1280x855.jpg 1280w, https:\/\/casacaravan.com.ar\/wp-content\/uploads\/2023\/01\/Espacio-6-Living-980x654.jpg 980w, https:\/\/casacaravan.com.ar\/wp-content\/uploads\/2023\/01\/Espacio-6-Living-480x321.jpg 480w\" sizes=\"(min-width: 0px) and (max-width: 480px) 480px, (min-width: 481px) and (max-width: 980px) 980px, (min-width: 981px) and (max-width: 1280px) 1280px, (min-width: 1281px) 1920px, 100vw\" width=\"1920\" height=\"1282\" \/>\n                            <span class=\"et_overlay dsm-overlay\">\n                        <div class=\"dsm-overlay-inner\">\n                            <h4 class=\"dsm-overlay-title\">\n                    Living\n                <\/h4>\n                            \n\t\t\t\t\t\t\t\n                        <\/div>\n                    <\/span>\n                        <\/div>\n                    <\/a>\n                <\/div><div class=\"grid-item\">\n                    <a href=\"https:\/\/casacaravan.com.ar\/wp-content\/uploads\/2023\/01\/Espacios-5-Living.jpg\"  data-title='Living'  data-caption='' data-mfp-src=\"https:\/\/casacaravan.com.ar\/wp-content\/uploads\/2023\/01\/Espacios-5-Living.jpg\">\n                        <div class=\"et_pb_image_wrap\">\n                            <img loading=\"lazy\" decoding=\"async\" src=\"https:\/\/casacaravan.com.ar\/wp-content\/uploads\/2023\/01\/Espacios-5-Living.jpg\" title=\"Living\" alt=\"\" class=\"dsm-skip-lazyload\" srcset=\"https:\/\/casacaravan.com.ar\/wp-content\/uploads\/2023\/01\/Espacios-5-Living.jpg 1920w, https:\/\/casacaravan.com.ar\/wp-content\/uploads\/2023\/01\/Espacios-5-Living-1280x855.jpg 1280w, https:\/\/casacaravan.com.ar\/wp-content\/uploads\/2023\/01\/Espacios-5-Living-980x654.jpg 980w, https:\/\/casacaravan.com.ar\/wp-content\/uploads\/2023\/01\/Espacios-5-Living-480x321.jpg 480w\" sizes=\"(min-width: 0px) and (max-width: 480px) 480px, (min-width: 481px) and (max-width: 980px) 980px, (min-width: 981px) and (max-width: 1280px) 1280px, (min-width: 1281px) 1920px, 100vw\" width=\"1920\" height=\"1282\" \/>\n                            <span class=\"et_overlay dsm-overlay\">\n                        <div class=\"dsm-overlay-inner\">\n                            <h4 class=\"dsm-overlay-title\">\n                    Living\n                <\/h4>\n                            \n\t\t\t\t\t\t\t\n                        <\/div>\n                    <\/span>\n                        <\/div>\n                    <\/a>\n                <\/div><div class=\"grid-item\">\n                    <a href=\"https:\/\/casacaravan.com.ar\/wp-content\/uploads\/2023\/01\/Espacios-Patio-1.jpg\"  data-title='P\u00e1tio'  data-caption='' data-mfp-src=\"https:\/\/casacaravan.com.ar\/wp-content\/uploads\/2023\/01\/Espacios-Patio-1.jpg\">\n                        <div class=\"et_pb_image_wrap\">\n                            <img loading=\"lazy\" decoding=\"async\" src=\"https:\/\/casacaravan.com.ar\/wp-content\/uploads\/2023\/01\/Espacios-Patio-1.jpg\" title=\"P\u00e1tio\" alt=\"\" class=\"dsm-skip-lazyload\" srcset=\"https:\/\/casacaravan.com.ar\/wp-content\/uploads\/2023\/01\/Espacios-Patio-1.jpg 1920w, https:\/\/casacaravan.com.ar\/wp-content\/uploads\/2023\/01\/Espacios-Patio-1-1280x855.jpg 1280w, https:\/\/casacaravan.com.ar\/wp-content\/uploads\/2023\/01\/Espacios-Patio-1-980x654.jpg 980w, https:\/\/casacaravan.com.ar\/wp-content\/uploads\/2023\/01\/Espacios-Patio-1-480x321.jpg 480w\" sizes=\"(min-width: 0px) and (max-width: 480px) 480px, (min-width: 481px) and (max-width: 980px) 980px, (min-width: 981px) and (max-width: 1280px) 1280px, (min-width: 1281px) 1920px, 100vw\" width=\"1920\" height=\"1282\" \/>\n                            <span class=\"et_overlay dsm-overlay\">\n                        <div class=\"dsm-overlay-inner\">\n                            <h4 class=\"dsm-overlay-title\">\n                    P\u00e1tio\n                <\/h4>\n                            \n\t\t\t\t\t\t\t\n                        <\/div>\n                    <\/span>\n                        <\/div>\n                    <\/a>\n                <\/div><div class=\"grid-item\">\n                    <a href=\"https:\/\/casacaravan.com.ar\/wp-content\/uploads\/2023\/01\/Espacios-4-Patio.jpg\"  data-title='P\u00e1tio'  data-caption='' data-mfp-src=\"https:\/\/casacaravan.com.ar\/wp-content\/uploads\/2023\/01\/Espacios-4-Patio.jpg\">\n                        <div class=\"et_pb_image_wrap\">\n                            <img loading=\"lazy\" decoding=\"async\" src=\"https:\/\/casacaravan.com.ar\/wp-content\/uploads\/2023\/01\/Espacios-4-Patio.jpg\" title=\"P\u00e1tio\" alt=\"\" class=\"dsm-skip-lazyload\" srcset=\"https:\/\/casacaravan.com.ar\/wp-content\/uploads\/2023\/01\/Espacios-4-Patio.jpg 1920w, https:\/\/casacaravan.com.ar\/wp-content\/uploads\/2023\/01\/Espacios-4-Patio-1280x855.jpg 1280w, https:\/\/casacaravan.com.ar\/wp-content\/uploads\/2023\/01\/Espacios-4-Patio-980x654.jpg 980w, https:\/\/casacaravan.com.ar\/wp-content\/uploads\/2023\/01\/Espacios-4-Patio-480x321.jpg 480w\" sizes=\"(min-width: 0px) and (max-width: 480px) 480px, (min-width: 481px) and (max-width: 980px) 980px, (min-width: 981px) and (max-width: 1280px) 1280px, (min-width: 1281px) 1920px, 100vw\" width=\"1920\" height=\"1282\" \/>\n                            <span class=\"et_overlay dsm-overlay\">\n                        <div class=\"dsm-overlay-inner\">\n                            <h4 class=\"dsm-overlay-title\">\n                    P\u00e1tio\n                <\/h4>\n                            \n\t\t\t\t\t\t\t\n                        <\/div>\n                    <\/span>\n                        <\/div>\n                    <\/a>\n                <\/div><div class=\"grid-item\">\n                    <a href=\"https:\/\/casacaravan.com.ar\/wp-content\/uploads\/2023\/01\/Espacios-3-Patio.jpg\"  data-title='P\u00e1tio'  data-caption='' data-mfp-src=\"https:\/\/casacaravan.com.ar\/wp-content\/uploads\/2023\/01\/Espacios-3-Patio.jpg\">\n                        <div class=\"et_pb_image_wrap\">\n                            <img loading=\"lazy\" decoding=\"async\" src=\"https:\/\/casacaravan.com.ar\/wp-content\/uploads\/2023\/01\/Espacios-3-Patio.jpg\" title=\"P\u00e1tio\" alt=\"\" class=\"dsm-skip-lazyload\" srcset=\"https:\/\/casacaravan.com.ar\/wp-content\/uploads\/2023\/01\/Espacios-3-Patio.jpg 1920w, https:\/\/casacaravan.com.ar\/wp-content\/uploads\/2023\/01\/Espacios-3-Patio-1280x855.jpg 1280w, https:\/\/casacaravan.com.ar\/wp-content\/uploads\/2023\/01\/Espacios-3-Patio-980x654.jpg 980w, https:\/\/casacaravan.com.ar\/wp-content\/uploads\/2023\/01\/Espacios-3-Patio-480x321.jpg 480w\" sizes=\"(min-width: 0px) and (max-width: 480px) 480px, (min-width: 481px) and (max-width: 980px) 980px, (min-width: 981px) and (max-width: 1280px) 1280px, (min-width: 1281px) 1920px, 100vw\" width=\"1920\" height=\"1282\" \/>\n                            <span class=\"et_overlay dsm-overlay\">\n                        <div class=\"dsm-overlay-inner\">\n                            <h4 class=\"dsm-overlay-title\">\n                    P\u00e1tio\n                <\/h4>\n                            \n\t\t\t\t\t\t\t\n                        <\/div>\n                    <\/span>\n                        <\/div>\n                    <\/a>\n                <\/div><div class=\"grid-item\">\n                    <a href=\"https:\/\/casacaravan.com.ar\/wp-content\/uploads\/2023\/01\/Espacios-Piscina-3.jpg\"  data-title='Piscina'  data-caption='' data-mfp-src=\"https:\/\/casacaravan.com.ar\/wp-content\/uploads\/2023\/01\/Espacios-Piscina-3.jpg\">\n                        <div class=\"et_pb_image_wrap\">\n                            <img loading=\"lazy\" decoding=\"async\" src=\"https:\/\/casacaravan.com.ar\/wp-content\/uploads\/2023\/01\/Espacios-Piscina-3.jpg\" title=\"Piscina\" alt=\"\" class=\"dsm-skip-lazyload\" srcset=\"https:\/\/casacaravan.com.ar\/wp-content\/uploads\/2023\/01\/Espacios-Piscina-3.jpg 1920w, https:\/\/casacaravan.com.ar\/wp-content\/uploads\/2023\/01\/Espacios-Piscina-3-1280x855.jpg 1280w, https:\/\/casacaravan.com.ar\/wp-content\/uploads\/2023\/01\/Espacios-Piscina-3-980x654.jpg 980w, https:\/\/casacaravan.com.ar\/wp-content\/uploads\/2023\/01\/Espacios-Piscina-3-480x321.jpg 480w\" sizes=\"(min-width: 0px) and (max-width: 480px) 480px, (min-width: 481px) and (max-width: 980px) 980px, (min-width: 981px) and (max-width: 1280px) 1280px, (min-width: 1281px) 1920px, 100vw\" width=\"1920\" height=\"1282\" \/>\n                            <span class=\"et_overlay dsm-overlay\">\n                        <div class=\"dsm-overlay-inner\">\n                            <h4 class=\"dsm-overlay-title\">\n                    Piscina\n                <\/h4>\n                            \n\t\t\t\t\t\t\t\n                        <\/div>\n                    <\/span>\n                        <\/div>\n                    <\/a>\n                <\/div><div class=\"grid-item\">\n                    <a href=\"https:\/\/casacaravan.com.ar\/wp-content\/uploads\/2023\/01\/Espacios-Piscina-2.jpg\"  data-title='Piscina'  data-caption='' data-mfp-src=\"https:\/\/casacaravan.com.ar\/wp-content\/uploads\/2023\/01\/Espacios-Piscina-2.jpg\">\n                        <div class=\"et_pb_image_wrap\">\n                            <img loading=\"lazy\" decoding=\"async\" src=\"https:\/\/casacaravan.com.ar\/wp-content\/uploads\/2023\/01\/Espacios-Piscina-2.jpg\" title=\"Piscina\" alt=\"\" class=\"dsm-skip-lazyload\" srcset=\"https:\/\/casacaravan.com.ar\/wp-content\/uploads\/2023\/01\/Espacios-Piscina-2.jpg 1920w, https:\/\/casacaravan.com.ar\/wp-content\/uploads\/2023\/01\/Espacios-Piscina-2-1280x855.jpg 1280w, https:\/\/casacaravan.com.ar\/wp-content\/uploads\/2023\/01\/Espacios-Piscina-2-980x654.jpg 980w, https:\/\/casacaravan.com.ar\/wp-content\/uploads\/2023\/01\/Espacios-Piscina-2-480x321.jpg 480w\" sizes=\"(min-width: 0px) and (max-width: 480px) 480px, (min-width: 481px) and (max-width: 980px) 980px, (min-width: 981px) and (max-width: 1280px) 1280px, (min-width: 1281px) 1920px, 100vw\" width=\"1920\" height=\"1282\" \/>\n                            <span class=\"et_overlay dsm-overlay\">\n                        <div class=\"dsm-overlay-inner\">\n                            <h4 class=\"dsm-overlay-title\">\n                    Piscina\n                <\/h4>\n                            \n\t\t\t\t\t\t\t\n                        <\/div>\n                    <\/span>\n                        <\/div>\n                    <\/a>\n                <\/div><div class=\"grid-item\">\n                    <a href=\"https:\/\/casacaravan.com.ar\/wp-content\/uploads\/2023\/01\/Espacios-Piscina.jpg\"  data-title='Piscina'  data-caption='' data-mfp-src=\"https:\/\/casacaravan.com.ar\/wp-content\/uploads\/2023\/01\/Espacios-Piscina.jpg\">\n                        <div class=\"et_pb_image_wrap\">\n                            <img loading=\"lazy\" decoding=\"async\" src=\"https:\/\/casacaravan.com.ar\/wp-content\/uploads\/2023\/01\/Espacios-Piscina.jpg\" title=\"Piscina\" alt=\"\" class=\"dsm-skip-lazyload\" srcset=\"https:\/\/casacaravan.com.ar\/wp-content\/uploads\/2023\/01\/Espacios-Piscina.jpg 1920w, https:\/\/casacaravan.com.ar\/wp-content\/uploads\/2023\/01\/Espacios-Piscina-1280x855.jpg 1280w, https:\/\/casacaravan.com.ar\/wp-content\/uploads\/2023\/01\/Espacios-Piscina-980x654.jpg 980w, https:\/\/casacaravan.com.ar\/wp-content\/uploads\/2023\/01\/Espacios-Piscina-480x321.jpg 480w\" sizes=\"(min-width: 0px) and (max-width: 480px) 480px, (min-width: 481px) and (max-width: 980px) 980px, (min-width: 981px) and (max-width: 1280px) 1280px, (min-width: 1281px) 1920px, 100vw\" width=\"1920\" height=\"1282\" \/>\n                            <span class=\"et_overlay dsm-overlay\">\n                        <div class=\"dsm-overlay-inner\">\n                            <h4 class=\"dsm-overlay-title\">\n                    Piscina\n                <\/h4>\n                            \n\t\t\t\t\t\t\t\n                        <\/div>\n                    <\/span>\n                        <\/div>\n                    <\/a>\n                <\/div>\n             <\/div>\n\t\t\t\t<\/div>\n\t\t\t<\/div><\/p>\n","protected":false},"author":2,"featured_media":0,"parent":0,"menu_order":0,"comment_status":"closed","ping_status":"closed","template":"","meta":{"_et_pb_use_builder":"on","_et_pb_old_content":"","_et_gb_content_width":"","_monsterinsights_skip_tracking":false,"_monsterinsights_sitenote_active":false,"_monsterinsights_sitenote_note":"","_monsterinsights_sitenote_category":0,"footnotes":""},"difl_page_category":[],"class_list":["post-1085","page","type-page","status-publish","hentry"],"yoast_head":"<!-- This site is optimized with the Yoast SEO plugin v27.3 - https:\/\/yoast.com\/product\/yoast-seo-wordpress\/ -->\n<title>Espa\u00e7os | Casa Caravan<\/title>\n<meta name=\"description\" content=\"Mucho m\u00e1s que un hotel. Una casa basada en plantas en la que podr\u00e1s alojarte, venir a trabajar o conectar con tu interior en nuestra sala de bienestar. Welcome to Buenos Aires!\" \/>\n<meta name=\"robots\" content=\"index, follow, max-snippet:-1, max-image-preview:large, max-video-preview:-1\" \/>\n<link rel=\"canonical\" href=\"https:\/\/casacaravan.com.ar\/pt-br\/espacos\/\" \/>\n<meta property=\"og:locale\" content=\"pt_BR\" \/>\n<meta property=\"og:type\" content=\"article\" \/>\n<meta property=\"og:title\" content=\"Espa\u00e7os | Casa Caravan\" \/>\n<meta property=\"og:description\" content=\"Mucho m\u00e1s que un hotel. Una casa basada en plantas en la que podr\u00e1s alojarte, venir a trabajar o conectar con tu interior en nuestra sala de bienestar. Welcome to Buenos Aires!\" \/>\n<meta property=\"og:url\" content=\"https:\/\/casacaravan.com.ar\/pt-br\/espacos\/\" \/>\n<meta property=\"og:site_name\" content=\"Casa Caravan\" \/>\n<meta property=\"article:modified_time\" content=\"2023-02-05T19:26:29+00:00\" \/>\n<meta property=\"og:image\" content=\"https:\/\/casacaravan.com.ar\/wp-content\/uploads\/2023\/01\/plantas.jpg\" \/>\n\t<meta property=\"og:image:width\" content=\"1920\" \/>\n\t<meta property=\"og:image:height\" content=\"1282\" \/>\n\t<meta property=\"og:image:type\" content=\"image\/jpeg\" \/>\n<meta name=\"twitter:card\" content=\"summary_large_image\" \/>\n<meta name=\"twitter:label1\" content=\"Est. tempo de leitura\" \/>\n\t<meta name=\"twitter:data1\" content=\"7 minutos\" \/>\n<script type=\"application\/ld+json\" class=\"yoast-schema-graph\">{\"@context\":\"https:\\\/\\\/schema.org\",\"@graph\":[{\"@type\":\"WebPage\",\"@id\":\"https:\\\/\\\/casacaravan.com.ar\\\/pt-br\\\/espacos\\\/\",\"url\":\"https:\\\/\\\/casacaravan.com.ar\\\/pt-br\\\/espacos\\\/\",\"name\":\"Espa\u00e7os | Casa Caravan\",\"isPartOf\":{\"@id\":\"https:\\\/\\\/casacaravan.com.ar\\\/#website\"},\"datePublished\":\"2022-11-03T01:40:18+00:00\",\"dateModified\":\"2023-02-05T19:26:29+00:00\",\"description\":\"Mucho m\u00e1s que un hotel. Una casa basada en plantas en la que podr\u00e1s alojarte, venir a trabajar o conectar con tu interior en nuestra sala de bienestar. Welcome to Buenos Aires!\",\"breadcrumb\":{\"@id\":\"https:\\\/\\\/casacaravan.com.ar\\\/pt-br\\\/espacos\\\/#breadcrumb\"},\"inLanguage\":\"pt-BR\",\"potentialAction\":[{\"@type\":\"ReadAction\",\"target\":[\"https:\\\/\\\/casacaravan.com.ar\\\/pt-br\\\/espacos\\\/\"]}]},{\"@type\":\"BreadcrumbList\",\"@id\":\"https:\\\/\\\/casacaravan.com.ar\\\/pt-br\\\/espacos\\\/#breadcrumb\",\"itemListElement\":[{\"@type\":\"ListItem\",\"position\":1,\"name\":\"Portada\",\"item\":\"https:\\\/\\\/casacaravan.com.ar\\\/pt-br\\\/\"},{\"@type\":\"ListItem\",\"position\":2,\"name\":\"Espa\u00e7os\"}]},{\"@type\":\"WebSite\",\"@id\":\"https:\\\/\\\/casacaravan.com.ar\\\/#website\",\"url\":\"https:\\\/\\\/casacaravan.com.ar\\\/\",\"name\":\"Casa Caravan\",\"description\":\"Buenos Aires\",\"potentialAction\":[{\"@type\":\"SearchAction\",\"target\":{\"@type\":\"EntryPoint\",\"urlTemplate\":\"https:\\\/\\\/casacaravan.com.ar\\\/?s={search_term_string}\"},\"query-input\":{\"@type\":\"PropertyValueSpecification\",\"valueRequired\":true,\"valueName\":\"search_term_string\"}}],\"inLanguage\":\"pt-BR\"}]}<\/script>\n<!-- \/ Yoast SEO plugin. -->","yoast_head_json":{"title":"Espa\u00e7os | Casa Caravan","description":"Mucho m\u00e1s que un hotel. Una casa basada en plantas en la que podr\u00e1s alojarte, venir a trabajar o conectar con tu interior en nuestra sala de bienestar. Welcome to Buenos Aires!","robots":{"index":"index","follow":"follow","max-snippet":"max-snippet:-1","max-image-preview":"max-image-preview:large","max-video-preview":"max-video-preview:-1"},"canonical":"https:\/\/casacaravan.com.ar\/pt-br\/espacos\/","og_locale":"pt_BR","og_type":"article","og_title":"Espa\u00e7os | Casa Caravan","og_description":"Mucho m\u00e1s que un hotel. Una casa basada en plantas en la que podr\u00e1s alojarte, venir a trabajar o conectar con tu interior en nuestra sala de bienestar. Welcome to Buenos Aires!","og_url":"https:\/\/casacaravan.com.ar\/pt-br\/espacos\/","og_site_name":"Casa Caravan","article_modified_time":"2023-02-05T19:26:29+00:00","og_image":[{"width":1920,"height":1282,"url":"https:\/\/casacaravan.com.ar\/wp-content\/uploads\/2023\/01\/plantas.jpg","type":"image\/jpeg"}],"twitter_card":"summary_large_image","twitter_misc":{"Est. tempo de leitura":"7 minutos"},"schema":{"@context":"https:\/\/schema.org","@graph":[{"@type":"WebPage","@id":"https:\/\/casacaravan.com.ar\/pt-br\/espacos\/","url":"https:\/\/casacaravan.com.ar\/pt-br\/espacos\/","name":"Espa\u00e7os | Casa Caravan","isPartOf":{"@id":"https:\/\/casacaravan.com.ar\/#website"},"datePublished":"2022-11-03T01:40:18+00:00","dateModified":"2023-02-05T19:26:29+00:00","description":"Mucho m\u00e1s que un hotel. Una casa basada en plantas en la que podr\u00e1s alojarte, venir a trabajar o conectar con tu interior en nuestra sala de bienestar. Welcome to Buenos Aires!","breadcrumb":{"@id":"https:\/\/casacaravan.com.ar\/pt-br\/espacos\/#breadcrumb"},"inLanguage":"pt-BR","potentialAction":[{"@type":"ReadAction","target":["https:\/\/casacaravan.com.ar\/pt-br\/espacos\/"]}]},{"@type":"BreadcrumbList","@id":"https:\/\/casacaravan.com.ar\/pt-br\/espacos\/#breadcrumb","itemListElement":[{"@type":"ListItem","position":1,"name":"Portada","item":"https:\/\/casacaravan.com.ar\/pt-br\/"},{"@type":"ListItem","position":2,"name":"Espa\u00e7os"}]},{"@type":"WebSite","@id":"https:\/\/casacaravan.com.ar\/#website","url":"https:\/\/casacaravan.com.ar\/","name":"Casa Caravan","description":"Buenos Aires","potentialAction":[{"@type":"SearchAction","target":{"@type":"EntryPoint","urlTemplate":"https:\/\/casacaravan.com.ar\/?s={search_term_string}"},"query-input":{"@type":"PropertyValueSpecification","valueRequired":true,"valueName":"search_term_string"}}],"inLanguage":"pt-BR"}]}},"_links":{"self":[{"href":"https:\/\/casacaravan.com.ar\/pt-br\/wp-json\/wp\/v2\/pages\/1085","targetHints":{"allow":["GET"]}}],"collection":[{"href":"https:\/\/casacaravan.com.ar\/pt-br\/wp-json\/wp\/v2\/pages"}],"about":[{"href":"https:\/\/casacaravan.com.ar\/pt-br\/wp-json\/wp\/v2\/types\/page"}],"author":[{"embeddable":true,"href":"https:\/\/casacaravan.com.ar\/pt-br\/wp-json\/wp\/v2\/users\/2"}],"replies":[{"embeddable":true,"href":"https:\/\/casacaravan.com.ar\/pt-br\/wp-json\/wp\/v2\/comments?post=1085"}],"version-history":[{"count":27,"href":"https:\/\/casacaravan.com.ar\/pt-br\/wp-json\/wp\/v2\/pages\/1085\/revisions"}],"predecessor-version":[{"id":1874,"href":"https:\/\/casacaravan.com.ar\/pt-br\/wp-json\/wp\/v2\/pages\/1085\/revisions\/1874"}],"wp:attachment":[{"href":"https:\/\/casacaravan.com.ar\/pt-br\/wp-json\/wp\/v2\/media?parent=1085"}],"wp:term":[{"taxonomy":"difl_page_category","embeddable":true,"href":"https:\/\/casacaravan.com.ar\/pt-br\/wp-json\/wp\/v2\/difl_page_category?post=1085"}],"curies":[{"name":"wp","href":"https:\/\/api.w.org\/{rel}","templated":true}]}}